{"id":2316,"date":"2019-08-16T10:42:16","date_gmt":"2019-08-16T08:42:16","guid":{"rendered":"http:\/\/www.philix.be\/luss\/?page_id=2316"},"modified":"2019-08-21T14:19:14","modified_gmt":"2019-08-21T12:19:14","slug":"divi-les-options-du-theme-i","status":"publish","type":"page","link":"https:\/\/www.philix.be\/luss\/cours-editeurs\/divi-les-options-du-theme-i\/","title":{"rendered":"Divi : les options du th\u00e8me I"},"content":{"rendered":"\t\t<div data-elementor-type=\"wp-post\" data-elementor-id=\"2316\" class=\"elementor elementor-2316\">\n\t\t\t\t\t\t<section class=\"elementor-section elementor-top-section elementor-element elementor-element-bcbc200 elementor-section-boxed elementor-section-height-default elementor-section-height-default\" data-id=\"bcbc200\" data-element_type=\"section\" data-e-type=\"section\">\n\t\t\t\t\t\t<div class=\"elementor-container elementor-column-gap-default\">\n\t\t\t\t\t<div class=\"elementor-column elementor-col-100 elementor-top-column elementor-element elementor-element-7b4ffa7\" data-id=\"7b4ffa7\" data-element_type=\"column\" data-e-type=\"column\">\n\t\t\t<div class=\"elementor-widget-wrap elementor-element-populated\">\n\t\t\t\t\t\t<div class=\"elementor-element elementor-element-55df272 elementor-widget elementor-widget-text-editor\" data-id=\"55df272\" data-element_type=\"widget\" data-e-type=\"widget\" data-widget_type=\"text-editor.default\">\n\t\t\t\t<div class=\"elementor-widget-container\">\n\t\t\t\t\t\t\t\t\t<p>Une fois que vous aurez\u00a0choisi le th\u00e8me Divi sur votre sous-site WordPress, une nouvelle entr\u00e9e \u00ab\u00a0Divi\u00a0\u00bb va appara\u00eetre, en bas de la barre de menu de votre administration.<br \/><span style=\"font-family: Roboto, sans-serif; font-size: 16px; font-style: normal; font-weight: 400;\">Pour rappel, Divi est tr\u00e8s mal traduit (c&rsquo;est m\u00eame parfois difficile \u00e0 comprendre, tellement la traduction est curieuses).<\/span><\/p><p>La premi\u00e8re entr\u00e9e est \u00ab\u00a0<b>Options du th\u00e8me<\/b>\u00ab\u00a0.<\/p><p>Divi vous y propose de nombreux \u00e9l\u00e9ments \u00e0 param\u00e9trer. <\/p>\t\t\t\t\t\t\t\t<\/div>\n\t\t\t\t<\/div>\n\t\t\t\t<div class=\"elementor-element elementor-element-804568c elementor-widget elementor-widget-heading\" data-id=\"804568c\" data-element_type=\"widget\" data-e-type=\"widget\" data-widget_type=\"heading.default\">\n\t\t\t\t<div class=\"elementor-widget-container\">\n\t\t\t\t\t<h3 class=\"elementor-heading-title elementor-size-default\">L'onglet \"G\u00e9n\u00e9ral\"<\/h3>\t\t\t\t<\/div>\n\t\t\t\t<\/div>\n\t\t\t\t<div class=\"elementor-element elementor-element-acd08e3 elementor-widget elementor-widget-image\" data-id=\"acd08e3\" data-element_type=\"widget\" data-e-type=\"widget\" data-widget_type=\"image.default\">\n\t\t\t\t<div class=\"elementor-widget-container\">\n\t\t\t\t\t\t\t\t\t\t\t\t\t\t\t<img fetchpriority=\"high\" decoding=\"async\" width=\"710\" height=\"540\" src=\"https:\/\/www.philix.be\/luss\/wp-content\/uploads\/sites\/3\/2019\/08\/diviOngletGeneral-1.png\" class=\"attachment-large size-large wp-image-2319\" alt=\"Divi : onglet g\u00e9n\u00e9ral I\" srcset=\"https:\/\/www.philix.be\/luss\/wp-content\/uploads\/sites\/3\/2019\/08\/diviOngletGeneral-1.png 946w, https:\/\/www.philix.be\/luss\/wp-content\/uploads\/sites\/3\/2019\/08\/diviOngletGeneral-1-300x228.png 300w, https:\/\/www.philix.be\/luss\/wp-content\/uploads\/sites\/3\/2019\/08\/diviOngletGeneral-1-768x585.png 768w, https:\/\/www.philix.be\/luss\/wp-content\/uploads\/sites\/3\/2019\/08\/diviOngletGeneral-1-600x457.png 600w\" sizes=\"(max-width: 710px) 100vw, 710px\" \/>\t\t\t\t\t\t\t\t\t\t\t\t\t\t\t<\/div>\n\t\t\t\t<\/div>\n\t\t\t\t<div class=\"elementor-element elementor-element-b956cd0 elementor-widget elementor-widget-text-editor\" data-id=\"b956cd0\" data-element_type=\"widget\" data-e-type=\"widget\" data-widget_type=\"text-editor.default\">\n\t\t\t\t<div class=\"elementor-widget-container\">\n\t\t\t\t\t\t\t\t\t<ol><li>\u00ab\u00a0<strong>Mettre en ligne<\/strong>\u00a0\u00bb : tr\u00e8s mauvaise traduction pour \u00ab\u00a0Choisir un Logo\u00a0\u00bb.<br \/>\u00ab\u00a0<strong>R\u00e9initialiser<\/strong>\u00a0\u00bb vide la zone (Logo Divi par d\u00e9faut).\u00a0<\/li><li>\u00ab\u00a0<strong>Barre de navigation fixe<\/strong>\u00a0\u00bb : si vous d\u00e9sactivez cette option, votre menu principal (en haut de l\u2019\u00e9cran) appara\u00eetra seulement lorsque le visiteur descendra plus bas dans la page.<\/li><li>\u00ab\u00a0<strong>Activer la galerie de Divi<\/strong>\u00a0\u00bb : Divi vous propose de remplacer le style par d\u00e9faut de WordPress pour la galerie d&rsquo;image par son propre style.<\/li><li>\u00ab\u00a0<strong>Palette par d\u00e9faut de s\u00e9lectionneurs de couleurs<\/strong>\u00a0\u00bb :<br \/>Bien les choisir, elles seront disponibles partout, dans chaque module permettant de choisir une couleur. (Voir votre charte graphique).<\/li><li>\u00ab\u00a0<strong>Saisir la premi\u00e8re image de l&rsquo;article<\/strong>\u00a0\u00bb :<br \/>Si cette option est activ\u00e9e,\u00a0\u00ab\u00a0l\u2019image \u00e0 la une\u00a0\u00bb\u00a0de chaque article sera remplac\u00e9e par la premi\u00e8re image contenue dans votre article.<\/li><li>\u00ab\u00a0<strong>Mode style de blog<\/strong>\u00a0\u00bb :<br \/>Traduction bizarre &#8230; Divi utilise les extraits de vos articles. Cette option activ\u00e9e, affichera la totalit\u00e9 du contenu de vos articles (mauvaise id\u00e9e).<\/li><li>\u00ab\u00a0<strong>Disposition de la barre lat\u00e9rale<\/strong>\u00a0\u00bb :<br \/>Au choix \ud83d\ude09\u00a0<\/li><li>\u00ab\u00a0<strong>Gabarit boutique &#8230;<\/strong>\u00a0\u00bb :<br \/>Au choix \ud83d\ude09\u00a0<\/li><\/ol>\t\t\t\t\t\t\t\t<\/div>\n\t\t\t\t<\/div>\n\t\t\t\t<div class=\"elementor-element elementor-element-05bfeb2 elementor-widget elementor-widget-text-editor\" data-id=\"05bfeb2\" data-element_type=\"widget\" data-e-type=\"widget\" data-widget_type=\"text-editor.default\">\n\t\t\t\t<div class=\"elementor-widget-container\">\n\t\t\t\t\t\t\t\t\t<p><span style=\"font-size: 14pt;\"><strong>Suite de l&rsquo;\u00e9cran &#8230;<\/strong><\/span> \ud83d\ude09<\/p>\t\t\t\t\t\t\t\t<\/div>\n\t\t\t\t<\/div>\n\t\t\t\t<div class=\"elementor-element elementor-element-e7ed62c elementor-widget elementor-widget-image\" data-id=\"e7ed62c\" data-element_type=\"widget\" data-e-type=\"widget\" data-widget_type=\"image.default\">\n\t\t\t\t<div class=\"elementor-widget-container\">\n\t\t\t\t\t\t\t\t\t\t\t\t\t\t\t<img decoding=\"async\" width=\"710\" height=\"588\" src=\"https:\/\/www.philix.be\/luss\/wp-content\/uploads\/sites\/3\/2019\/08\/diviOngletGeneral-2.png\" class=\"attachment-large size-large wp-image-2324\" alt=\"Divi : options g\u00e9n\u00e9rales II\" srcset=\"https:\/\/www.philix.be\/luss\/wp-content\/uploads\/sites\/3\/2019\/08\/diviOngletGeneral-2.png 942w, https:\/\/www.philix.be\/luss\/wp-content\/uploads\/sites\/3\/2019\/08\/diviOngletGeneral-2-300x248.png 300w, https:\/\/www.philix.be\/luss\/wp-content\/uploads\/sites\/3\/2019\/08\/diviOngletGeneral-2-768x636.png 768w, https:\/\/www.philix.be\/luss\/wp-content\/uploads\/sites\/3\/2019\/08\/diviOngletGeneral-2-600x497.png 600w\" sizes=\"(max-width: 710px) 100vw, 710px\" \/>\t\t\t\t\t\t\t\t\t\t\t\t\t\t\t<\/div>\n\t\t\t\t<\/div>\n\t\t\t\t<div class=\"elementor-element elementor-element-44edbe4 elementor-widget elementor-widget-text-editor\" data-id=\"44edbe4\" data-element_type=\"widget\" data-e-type=\"widget\" data-widget_type=\"text-editor.default\">\n\t\t\t\t<div class=\"elementor-widget-container\">\n\t\t\t\t\t\t\t\t\t<ol><li>\u00ab\u00a0<strong>Cl\u00e9 API de Google<\/strong>\u00a0\u00bb :<br \/>C&rsquo;est la cl\u00e9 pour afficher une carte \u00ab\u00a0<strong>Google Maps<\/strong>\u00ab\u00a0.<\/li><li>\u00ab\u00a0<strong>Script de Google Maps mis en file d&rsquo;attente<\/strong>\u00a0\u00bb :<br \/>Am\u00e9liore la performance de votre site (la carte s&rsquo;affiche apr\u00e8s l&rsquo;affichage de la page sans retarder l&rsquo;affichage de celle-ci.<\/li><li>\u00ab\u00a0<strong>Utiliser les polices de Google<\/strong>\u00a0\u00bb :\u00a0<br \/>Ben &#8230; oui \ud83d\ude09<\/li><li>\u00ab\u00a0<strong>Afficher l&rsquo;icon Facebook<\/strong>\u00a0\u00bb <br \/>Pour <span style=\"color: #ff0000;\"><strong>votre<\/strong> <\/span>page Facebook !<\/li><li>\u00ab\u00a0<strong>Afficher l&rsquo;icon Twitter<\/strong>\u00a0\u00bb <br \/>Pour <span style=\"color: #ff0000;\"><strong>votre<\/strong> <\/span>page Twitter!<\/li><li>\u00ab\u00a0<strong>Afficher l&rsquo;icon Google+<\/strong>\u00ab\u00a0<br \/>Note : Google+ n&rsquo;existe plus !<\/li><li>\u00ab\u00a0<strong>Afficher l&rsquo;icon Instagram<\/strong>\u00a0\u00bb <br \/>Pour <span style=\"color: #ff0000;\"><strong>votre<\/strong> <\/span>compte Instagram !<\/li><li>\u00ab\u00a0<strong>Afficher l&rsquo;icon RSS<\/strong>\u00ab\u00a0<br \/>Un flux RSS est un format de fichier particulier dont le contenu est produit automatiquement en fonction des mises \u00e0 jour d&rsquo;un site web. Cela permet aux internautes de recevoir un email quand vous faites une nouvelle publication. (L&rsquo;internaute doit avoir l&rsquo;outil appropri\u00e9 pour suivre votre flux RSS).<\/li><li>Les URLs de vos diff\u00e9rents comptes (si vous les avez activez ci-dessus).<\/li><li>Idem pour votre flux RSS.\u200b<\/li><\/ol>\t\t\t\t\t\t\t\t<\/div>\n\t\t\t\t<\/div>\n\t\t\t\t<div class=\"elementor-element elementor-element-c8cd494 elementor-widget elementor-widget-text-editor\" data-id=\"c8cd494\" data-element_type=\"widget\" data-e-type=\"widget\" data-widget_type=\"text-editor.default\">\n\t\t\t\t<div class=\"elementor-widget-container\">\n\t\t\t\t\t\t\t\t\t<p><span style=\"font-size: 14pt;\"><strong>Suite de l&rsquo;\u00e9cran &#8230;<\/strong><\/span> \ud83d\ude09<\/p>\t\t\t\t\t\t\t\t<\/div>\n\t\t\t\t<\/div>\n\t\t\t\t<div class=\"elementor-element elementor-element-cc75abb elementor-widget elementor-widget-image\" data-id=\"cc75abb\" data-element_type=\"widget\" data-e-type=\"widget\" data-widget_type=\"image.default\">\n\t\t\t\t<div class=\"elementor-widget-container\">\n\t\t\t\t\t\t\t\t\t\t\t\t\t\t\t<img decoding=\"async\" width=\"710\" height=\"584\" src=\"https:\/\/www.philix.be\/luss\/wp-content\/uploads\/sites\/3\/2019\/08\/diviOngletGeneral-3.png\" class=\"attachment-large size-large wp-image-2331\" alt=\"Divi : onglet g\u00e9n\u00e9ral III\" srcset=\"https:\/\/www.philix.be\/luss\/wp-content\/uploads\/sites\/3\/2019\/08\/diviOngletGeneral-3.png 1020w, https:\/\/www.philix.be\/luss\/wp-content\/uploads\/sites\/3\/2019\/08\/diviOngletGeneral-3-300x247.png 300w, https:\/\/www.philix.be\/luss\/wp-content\/uploads\/sites\/3\/2019\/08\/diviOngletGeneral-3-768x632.png 768w, https:\/\/www.philix.be\/luss\/wp-content\/uploads\/sites\/3\/2019\/08\/diviOngletGeneral-3-600x494.png 600w\" sizes=\"(max-width: 710px) 100vw, 710px\" \/>\t\t\t\t\t\t\t\t\t\t\t\t\t\t\t<\/div>\n\t\t\t\t<\/div>\n\t\t\t\t<div class=\"elementor-element elementor-element-64b28e1 elementor-widget elementor-widget-text-editor\" data-id=\"64b28e1\" data-element_type=\"widget\" data-e-type=\"widget\" data-widget_type=\"text-editor.default\">\n\t\t\t\t<div class=\"elementor-widget-container\">\n\t\t\t\t\t\t\t\t\t<ol><li>Les nombres par d\u00e9faut \u00ab\u00a0d&rsquo;objets\u00a0\u00bb \u00e0 afficher :<br \/>A votre meilleure convenance \ud83d\ude09<\/li><li>\u00ab\u00a0<strong>Format de la date<\/strong>\u00a0\u00bb :<br \/>Pour les diff\u00e9rents formats possibles : <a href=\"https:\/\/codex.wordpress.org\/fr:Modifier_Date_et_Heure\">Formats Date WordPress<\/a><\/li><li>\u00ab\u00a0<strong>Utiliser les extraits quand d\u00e9fini<\/strong>\u00a0\u00bb :<br \/>Si vous laissez cette option d\u00e9sactiv\u00e9e, <span style=\"color: #ff0000;\"><strong>vos<\/strong> <strong>extraits<\/strong> <\/span>ne seront pas utilis\u00e9s. WordPress utilisera les 55 premiers mots de vos articles. <a href=\"https:\/\/youtu.be\/98b2BmJ87iA\">Comment r\u00e9diger vos extraits<\/a><\/li><li>\u00ab\u00a0<strong>Shortcodes r\u00e9actifs<\/strong>\u00a0\u00bb :<br \/>Certains plugins utilisent des shortcodes. C&rsquo;est ici que l&rsquo;on demande \u00e0 Divi de les ex\u00e9cuter. Laissez \u00ab\u00a0<strong>Activer<\/strong>\u00ab\u00a0.<\/li><li>\u00ab\u00a0<strong>Sous-ensembles Google Fonts<\/strong>\u00a0\u00bb :<br \/>Plus de Google Fonts ? =&gt; Activer<\/li><li>\u00ab\u00a0<strong>Bouton retour en haut de page<\/strong>\u00a0\u00bb :<br \/>Affiche un bouton pour revenir en haut de page apr\u00e8s \u00eatre \u00ab\u00a0descendu\u00a0\u00bb dans la page.<\/li><li>\u00ab\u00a0<strong>D\u00e9filement fluide<\/strong>\u00a0\u00bb :<br \/>Personnellement, je ne vois pas plus de fluidit\u00e9 \ud83d\ude09<\/li><li>\u00ab\u00a0<strong>D\u00e9sactiver les traductions<\/strong>\u00a0\u00bb :\u00a0<br \/>Si vous n&rsquo;en voulez vraiment pas \ud83d\ude09<\/li><li>Pour am\u00e9liorer la vitesse d&rsquo;affichage.<\/li><li>Pour am\u00e9liorer la vitesse d&rsquo;affichage.<\/li><\/ol>\t\t\t\t\t\t\t\t<\/div>\n\t\t\t\t<\/div>\n\t\t\t\t<div class=\"elementor-element elementor-element-10a56f2 elementor-widget elementor-widget-text-editor\" data-id=\"10a56f2\" data-element_type=\"widget\" data-e-type=\"widget\" data-widget_type=\"text-editor.default\">\n\t\t\t\t<div class=\"elementor-widget-container\">\n\t\t\t\t\t\t\t\t\t<p><span style=\"font-size: 14pt;\"><strong>Suite et fin de l&rsquo;\u00e9cran &#8230;<\/strong><\/span> \ud83d\ude09<\/p>\t\t\t\t\t\t\t\t<\/div>\n\t\t\t\t<\/div>\n\t\t\t\t<div class=\"elementor-element elementor-element-42a4612 elementor-widget elementor-widget-image\" data-id=\"42a4612\" data-element_type=\"widget\" data-e-type=\"widget\" data-widget_type=\"image.default\">\n\t\t\t\t<div class=\"elementor-widget-container\">\n\t\t\t\t\t\t\t\t\t\t\t\t\t\t\t<img loading=\"lazy\" decoding=\"async\" width=\"710\" height=\"250\" src=\"https:\/\/www.philix.be\/luss\/wp-content\/uploads\/sites\/3\/2019\/08\/diviOngletGeneral-4-1024x361.png\" class=\"attachment-large size-large wp-image-2339\" alt=\"Divi : onglet g\u00e9n\u00e9ral IV\" srcset=\"https:\/\/www.philix.be\/luss\/wp-content\/uploads\/sites\/3\/2019\/08\/diviOngletGeneral-4-1024x361.png 1024w, https:\/\/www.philix.be\/luss\/wp-content\/uploads\/sites\/3\/2019\/08\/diviOngletGeneral-4-300x106.png 300w, https:\/\/www.philix.be\/luss\/wp-content\/uploads\/sites\/3\/2019\/08\/diviOngletGeneral-4-768x270.png 768w, https:\/\/www.philix.be\/luss\/wp-content\/uploads\/sites\/3\/2019\/08\/diviOngletGeneral-4-600x211.png 600w, https:\/\/www.philix.be\/luss\/wp-content\/uploads\/sites\/3\/2019\/08\/diviOngletGeneral-4.png 1136w\" sizes=\"(max-width: 710px) 100vw, 710px\" \/>\t\t\t\t\t\t\t\t\t\t\t\t\t\t\t<\/div>\n\t\t\t\t<\/div>\n\t\t\t\t<div class=\"elementor-element elementor-element-3993d5c elementor-widget elementor-widget-text-editor\" data-id=\"3993d5c\" data-element_type=\"widget\" data-e-type=\"widget\" data-widget_type=\"text-editor.default\">\n\t\t\t\t<div class=\"elementor-widget-container\">\n\t\t\t\t\t\t\t\t\t<ol><li>\u00ab\u00a0<strong>Personnaliser le CSS<\/strong>\u00a0\u00bb :<br \/>C&rsquo;est ici qu&rsquo;on place les \u00ab\u00a0gri-gris\u00a0\u00bb \ud83d\ude09<\/li><\/ol>\t\t\t\t\t\t\t\t<\/div>\n\t\t\t\t<\/div>\n\t\t\t\t<div class=\"elementor-element elementor-element-0eee322 elementor-widget-divider--view-line elementor-widget elementor-widget-divider\" data-id=\"0eee322\" data-element_type=\"widget\" data-e-type=\"widget\" data-widget_type=\"divider.default\">\n\t\t\t\t<div class=\"elementor-widget-container\">\n\t\t\t\t\t\t\t<div class=\"elementor-divider\">\n\t\t\t<span class=\"elementor-divider-separator\">\n\t\t\t\t\t\t<\/span>\n\t\t<\/div>\n\t\t\t\t\t\t<\/div>\n\t\t\t\t<\/div>\n\t\t\t\t\t<\/div>\n\t\t<\/div>\n\t\t\t\t\t<\/div>\n\t\t<\/section>\n\t\t\t\t<section class=\"elementor-section elementor-inner-section elementor-element elementor-element-4917ae95 elementor-section-boxed elementor-section-height-default elementor-section-height-default\" data-id=\"4917ae95\" data-element_type=\"section\" data-e-type=\"section\">\n\t\t\t\t\t\t<div class=\"elementor-container elementor-column-gap-default\">\n\t\t\t\t\t<div class=\"elementor-column elementor-col-50 elementor-inner-column elementor-element elementor-element-2ab8878e\" data-id=\"2ab8878e\" data-element_type=\"column\" data-e-type=\"column\">\n\t\t\t<div class=\"elementor-widget-wrap elementor-element-populated\">\n\t\t\t\t\t\t<div class=\"elementor-element elementor-element-269e0c3e elementor-widget elementor-widget-text-editor\" data-id=\"269e0c3e\" data-element_type=\"widget\" data-e-type=\"widget\" data-widget_type=\"text-editor.default\">\n\t\t\t\t<div class=\"elementor-widget-container\">\n\t\t\t\t\t\t\t\t\t<p><a href=\"\/luss\/cours-editeurs\/divi-les-bases\/\">\u21d0 Divi : les bases<\/a><\/p>\t\t\t\t\t\t\t\t<\/div>\n\t\t\t\t<\/div>\n\t\t\t\t\t<\/div>\n\t\t<\/div>\n\t\t\t\t<div class=\"elementor-column elementor-col-50 elementor-inner-column elementor-element elementor-element-1d291652\" data-id=\"1d291652\" data-element_type=\"column\" data-e-type=\"column\">\n\t\t\t<div class=\"elementor-widget-wrap elementor-element-populated\">\n\t\t\t\t\t\t<div class=\"elementor-element elementor-element-3b281896 elementor-widget elementor-widget-text-editor\" data-id=\"3b281896\" data-element_type=\"widget\" data-e-type=\"widget\" data-widget_type=\"text-editor.default\">\n\t\t\t\t<div class=\"elementor-widget-container\">\n\t\t\t\t\t\t\t\t\t<p style=\"text-align: right;\"><a href=\"\/luss\/cours-editeurs\/divi-les-options-du-theme-ii\/\">Divi : les options du th\u00e8me II \u21d2<\/a><\/p>\t\t\t\t\t\t\t\t<\/div>\n\t\t\t\t<\/div>\n\t\t\t\t\t<\/div>\n\t\t<\/div>\n\t\t\t\t\t<\/div>\n\t\t<\/section>\n\t\t\t\t<\/div>\n\t\t","protected":false},"excerpt":{"rendered":"<p>Une fois que vous aurez\u00a0choisi le th\u00e8me Divi sur votre sous-site WordPress, une nouvelle entr\u00e9e \u00ab\u00a0Divi\u00a0\u00bb va appara\u00eetre, en bas de la barre de menu de votre administration.Pour rappel, Divi est tr\u00e8s mal traduit (c&rsquo;est m\u00eame parfois difficile \u00e0 comprendre,<\/p>\n","protected":false},"author":1,"featured_media":0,"parent":956,"menu_order":16,"comment_status":"closed","ping_status":"closed","template":"","meta":{"footnotes":""},"class_list":["post-2316","page","type-page","status-publish","hentry"],"yoast_head":"<!-- This site is optimized with the Yoast SEO plugin v27.5 - https:\/\/yoast.com\/product\/yoast-seo-wordpress\/ -->\n<title>Divi : les options du th\u00e8me I - WPLUSS<\/title>\n<meta name=\"robots\" content=\"index, follow, max-snippet:-1, max-image-preview:large, max-video-preview:-1\" \/>\n<link rel=\"canonical\" href=\"https:\/\/www.philix.be\/luss\/cours-editeurs\/divi-les-options-du-theme-i\/\" \/>\n<meta property=\"og:locale\" content=\"fr_FR\" \/>\n<meta property=\"og:type\" content=\"article\" \/>\n<meta property=\"og:title\" content=\"Divi : les options du th\u00e8me I - WPLUSS\" \/>\n<meta property=\"og:description\" content=\"Une fois que vous aurez\u00a0choisi le th\u00e8me Divi sur votre sous-site WordPress, une nouvelle entr\u00e9e \u00ab\u00a0Divi\u00a0\u00bb va appara\u00eetre, en bas de la barre de menu de votre administration.Pour rappel, Divi est tr\u00e8s mal traduit (c&rsquo;est m\u00eame parfois difficile \u00e0 comprendre,\" \/>\n<meta property=\"og:url\" content=\"https:\/\/www.philix.be\/luss\/cours-editeurs\/divi-les-options-du-theme-i\/\" \/>\n<meta property=\"og:site_name\" content=\"WPLUSS\" \/>\n<meta property=\"article:modified_time\" content=\"2019-08-21T12:19:14+00:00\" \/>\n<meta property=\"og:image\" content=\"http:\/\/www.philix.be\/luss\/wp-content\/uploads\/sites\/3\/2019\/08\/diviOngletGeneral-1.png\" \/>\n<meta name=\"twitter:card\" content=\"summary_large_image\" \/>\n<meta name=\"twitter:label1\" content=\"Dur\u00e9e de lecture estim\u00e9e\" \/>\n\t<meta name=\"twitter:data1\" content=\"3 minutes\" \/>\n<script type=\"application\/ld+json\" class=\"yoast-schema-graph\">{\"@context\":\"https:\\\/\\\/schema.org\",\"@graph\":[{\"@type\":\"WebPage\",\"@id\":\"https:\\\/\\\/www.philix.be\\\/luss\\\/cours-editeurs\\\/divi-les-options-du-theme-i\\\/\",\"url\":\"https:\\\/\\\/www.philix.be\\\/luss\\\/cours-editeurs\\\/divi-les-options-du-theme-i\\\/\",\"name\":\"Divi : les options du th\u00e8me I - WPLUSS\",\"isPartOf\":{\"@id\":\"https:\\\/\\\/www.philix.be\\\/luss\\\/#website\"},\"primaryImageOfPage\":{\"@id\":\"https:\\\/\\\/www.philix.be\\\/luss\\\/cours-editeurs\\\/divi-les-options-du-theme-i\\\/#primaryimage\"},\"image\":{\"@id\":\"https:\\\/\\\/www.philix.be\\\/luss\\\/cours-editeurs\\\/divi-les-options-du-theme-i\\\/#primaryimage\"},\"thumbnailUrl\":\"http:\\\/\\\/www.philix.be\\\/luss\\\/wp-content\\\/uploads\\\/sites\\\/3\\\/2019\\\/08\\\/diviOngletGeneral-1.png\",\"datePublished\":\"2019-08-16T08:42:16+00:00\",\"dateModified\":\"2019-08-21T12:19:14+00:00\",\"breadcrumb\":{\"@id\":\"https:\\\/\\\/www.philix.be\\\/luss\\\/cours-editeurs\\\/divi-les-options-du-theme-i\\\/#breadcrumb\"},\"inLanguage\":\"fr-FR\",\"potentialAction\":[{\"@type\":\"ReadAction\",\"target\":[\"https:\\\/\\\/www.philix.be\\\/luss\\\/cours-editeurs\\\/divi-les-options-du-theme-i\\\/\"]}]},{\"@type\":\"ImageObject\",\"inLanguage\":\"fr-FR\",\"@id\":\"https:\\\/\\\/www.philix.be\\\/luss\\\/cours-editeurs\\\/divi-les-options-du-theme-i\\\/#primaryimage\",\"url\":\"http:\\\/\\\/www.philix.be\\\/luss\\\/wp-content\\\/uploads\\\/sites\\\/3\\\/2019\\\/08\\\/diviOngletGeneral-1.png\",\"contentUrl\":\"http:\\\/\\\/www.philix.be\\\/luss\\\/wp-content\\\/uploads\\\/sites\\\/3\\\/2019\\\/08\\\/diviOngletGeneral-1.png\"},{\"@type\":\"BreadcrumbList\",\"@id\":\"https:\\\/\\\/www.philix.be\\\/luss\\\/cours-editeurs\\\/divi-les-options-du-theme-i\\\/#breadcrumb\",\"itemListElement\":[{\"@type\":\"ListItem\",\"position\":1,\"name\":\"Cours \u00c9diteurs\",\"item\":\"https:\\\/\\\/www.philix.be\\\/luss\\\/cours-editeurs\\\/\"},{\"@type\":\"ListItem\",\"position\":2,\"name\":\"Divi : les options du th\u00e8me I\"}]},{\"@type\":\"WebSite\",\"@id\":\"https:\\\/\\\/www.philix.be\\\/luss\\\/#website\",\"url\":\"https:\\\/\\\/www.philix.be\\\/luss\\\/\",\"name\":\"WPLUSS\",\"description\":\"Les sites de Ph\u00a1l\u00a1x\",\"publisher\":{\"@id\":\"https:\\\/\\\/www.philix.be\\\/luss\\\/#organization\"},\"potentialAction\":[{\"@type\":\"SearchAction\",\"target\":{\"@type\":\"EntryPoint\",\"urlTemplate\":\"https:\\\/\\\/www.philix.be\\\/luss\\\/?s={search_term_string}\"},\"query-input\":{\"@type\":\"PropertyValueSpecification\",\"valueRequired\":true,\"valueName\":\"search_term_string\"}}],\"inLanguage\":\"fr-FR\"},{\"@type\":\"Organization\",\"@id\":\"https:\\\/\\\/www.philix.be\\\/luss\\\/#organization\",\"name\":\"WPLUSS\",\"url\":\"https:\\\/\\\/www.philix.be\\\/luss\\\/\",\"logo\":{\"@type\":\"ImageObject\",\"inLanguage\":\"fr-FR\",\"@id\":\"https:\\\/\\\/www.philix.be\\\/luss\\\/#\\\/schema\\\/logo\\\/image\\\/\",\"url\":\"https:\\\/\\\/www.philix.be\\\/luss\\\/wp-content\\\/uploads\\\/sites\\\/3\\\/2017\\\/03\\\/cropped-wordpress-1415678_960_720-e1489930624872-1.png\",\"contentUrl\":\"https:\\\/\\\/www.philix.be\\\/luss\\\/wp-content\\\/uploads\\\/sites\\\/3\\\/2017\\\/03\\\/cropped-wordpress-1415678_960_720-e1489930624872-1.png\",\"width\":100,\"height\":100,\"caption\":\"WPLUSS\"},\"image\":{\"@id\":\"https:\\\/\\\/www.philix.be\\\/luss\\\/#\\\/schema\\\/logo\\\/image\\\/\"}}]}<\/script>\n<!-- \/ Yoast SEO plugin. -->","yoast_head_json":{"title":"Divi : les options du th\u00e8me I - WPLUSS","robots":{"index":"index","follow":"follow","max-snippet":"max-snippet:-1","max-image-preview":"max-image-preview:large","max-video-preview":"max-video-preview:-1"},"canonical":"https:\/\/www.philix.be\/luss\/cours-editeurs\/divi-les-options-du-theme-i\/","og_locale":"fr_FR","og_type":"article","og_title":"Divi : les options du th\u00e8me I - WPLUSS","og_description":"Une fois que vous aurez\u00a0choisi le th\u00e8me Divi sur votre sous-site WordPress, une nouvelle entr\u00e9e \u00ab\u00a0Divi\u00a0\u00bb va appara\u00eetre, en bas de la barre de menu de votre administration.Pour rappel, Divi est tr\u00e8s mal traduit (c&rsquo;est m\u00eame parfois difficile \u00e0 comprendre,","og_url":"https:\/\/www.philix.be\/luss\/cours-editeurs\/divi-les-options-du-theme-i\/","og_site_name":"WPLUSS","article_modified_time":"2019-08-21T12:19:14+00:00","og_image":[{"url":"http:\/\/www.philix.be\/luss\/wp-content\/uploads\/sites\/3\/2019\/08\/diviOngletGeneral-1.png","type":"","width":"","height":""}],"twitter_card":"summary_large_image","twitter_misc":{"Dur\u00e9e de lecture estim\u00e9e":"3 minutes"},"schema":{"@context":"https:\/\/schema.org","@graph":[{"@type":"WebPage","@id":"https:\/\/www.philix.be\/luss\/cours-editeurs\/divi-les-options-du-theme-i\/","url":"https:\/\/www.philix.be\/luss\/cours-editeurs\/divi-les-options-du-theme-i\/","name":"Divi : les options du th\u00e8me I - WPLUSS","isPartOf":{"@id":"https:\/\/www.philix.be\/luss\/#website"},"primaryImageOfPage":{"@id":"https:\/\/www.philix.be\/luss\/cours-editeurs\/divi-les-options-du-theme-i\/#primaryimage"},"image":{"@id":"https:\/\/www.philix.be\/luss\/cours-editeurs\/divi-les-options-du-theme-i\/#primaryimage"},"thumbnailUrl":"http:\/\/www.philix.be\/luss\/wp-content\/uploads\/sites\/3\/2019\/08\/diviOngletGeneral-1.png","datePublished":"2019-08-16T08:42:16+00:00","dateModified":"2019-08-21T12:19:14+00:00","breadcrumb":{"@id":"https:\/\/www.philix.be\/luss\/cours-editeurs\/divi-les-options-du-theme-i\/#breadcrumb"},"inLanguage":"fr-FR","potentialAction":[{"@type":"ReadAction","target":["https:\/\/www.philix.be\/luss\/cours-editeurs\/divi-les-options-du-theme-i\/"]}]},{"@type":"ImageObject","inLanguage":"fr-FR","@id":"https:\/\/www.philix.be\/luss\/cours-editeurs\/divi-les-options-du-theme-i\/#primaryimage","url":"http:\/\/www.philix.be\/luss\/wp-content\/uploads\/sites\/3\/2019\/08\/diviOngletGeneral-1.png","contentUrl":"http:\/\/www.philix.be\/luss\/wp-content\/uploads\/sites\/3\/2019\/08\/diviOngletGeneral-1.png"},{"@type":"BreadcrumbList","@id":"https:\/\/www.philix.be\/luss\/cours-editeurs\/divi-les-options-du-theme-i\/#breadcrumb","itemListElement":[{"@type":"ListItem","position":1,"name":"Cours \u00c9diteurs","item":"https:\/\/www.philix.be\/luss\/cours-editeurs\/"},{"@type":"ListItem","position":2,"name":"Divi : les options du th\u00e8me I"}]},{"@type":"WebSite","@id":"https:\/\/www.philix.be\/luss\/#website","url":"https:\/\/www.philix.be\/luss\/","name":"WPLUSS","description":"Les sites de Ph\u00a1l\u00a1x","publisher":{"@id":"https:\/\/www.philix.be\/luss\/#organization"},"potentialAction":[{"@type":"SearchAction","target":{"@type":"EntryPoint","urlTemplate":"https:\/\/www.philix.be\/luss\/?s={search_term_string}"},"query-input":{"@type":"PropertyValueSpecification","valueRequired":true,"valueName":"search_term_string"}}],"inLanguage":"fr-FR"},{"@type":"Organization","@id":"https:\/\/www.philix.be\/luss\/#organization","name":"WPLUSS","url":"https:\/\/www.philix.be\/luss\/","logo":{"@type":"ImageObject","inLanguage":"fr-FR","@id":"https:\/\/www.philix.be\/luss\/#\/schema\/logo\/image\/","url":"https:\/\/www.philix.be\/luss\/wp-content\/uploads\/sites\/3\/2017\/03\/cropped-wordpress-1415678_960_720-e1489930624872-1.png","contentUrl":"https:\/\/www.philix.be\/luss\/wp-content\/uploads\/sites\/3\/2017\/03\/cropped-wordpress-1415678_960_720-e1489930624872-1.png","width":100,"height":100,"caption":"WPLUSS"},"image":{"@id":"https:\/\/www.philix.be\/luss\/#\/schema\/logo\/image\/"}}]}},"_links":{"self":[{"href":"https:\/\/www.philix.be\/luss\/wp-json\/wp\/v2\/pages\/2316","targetHints":{"allow":["GET"]}}],"collection":[{"href":"https:\/\/www.philix.be\/luss\/wp-json\/wp\/v2\/pages"}],"about":[{"href":"https:\/\/www.philix.be\/luss\/wp-json\/wp\/v2\/types\/page"}],"author":[{"embeddable":true,"href":"https:\/\/www.philix.be\/luss\/wp-json\/wp\/v2\/users\/1"}],"replies":[{"embeddable":true,"href":"https:\/\/www.philix.be\/luss\/wp-json\/wp\/v2\/comments?post=2316"}],"version-history":[{"count":0,"href":"https:\/\/www.philix.be\/luss\/wp-json\/wp\/v2\/pages\/2316\/revisions"}],"up":[{"embeddable":true,"href":"https:\/\/www.philix.be\/luss\/wp-json\/wp\/v2\/pages\/956"}],"wp:attachment":[{"href":"https:\/\/www.philix.be\/luss\/wp-json\/wp\/v2\/media?parent=2316"}],"curies":[{"name":"wp","href":"https:\/\/api.w.org\/{rel}","templated":true}]}}